{"version":"1.0","type":"rich","provider_name":"Direction de l&#8217;\u00e9conomie, de l&#8217;emploi, du travail et des solidarit\u00e9s (DEETS)","provider_url":"http:\/\/martinique.deets.gouv.fr","title":"Appel \u00e0 projets&nbsp;: mieux manger pour tous","author_name":"estelle.felicien@deets.gouv.fr","width":"480","height":"295","url":"https:\/\/martinique.deets.gouv.fr\/Appel-a-projets-mieux-manger-pour-tous-18475","html":"\u003Ch4 class='title'\u003E\u003Ca href='https:\/\/martinique.deets.gouv.fr\/Appel-a-projets-mieux-manger-pour-tous-18475'\u003EAppel \u00e0 projets&nbsp;: mieux manger pour tous\u003C\/a\u003E\u003C\/h4\u003E\u003Cblockquote class='spip'\u003E\n\u003Cp\u003ECONTEXTE ET OBJECTIFS La lutte contre la pr\u00e9carit\u00e9 alimentaire pr\u00e9sente de nombreux enjeux&nbsp;; en plus de permettre l\u2019acc\u00e8s \u00e0 des denr\u00e9es alimentaires en quantit\u00e9 suffisante aux personnes en situation de pr\u00e9carit\u00e9, elle poss\u00e8de un r\u00f4le clef dans l\u2019acc\u00e8s \u00e0 la diversification alimentaire. En effet, il est essentiel de permettre l\u2019acc\u00e8s \u00e0 des denr\u00e9es durables et de bonne qualit\u00e9 nutritionnelle aux personnes en situation de pr\u00e9carit\u00e9 alimentaire. \n\u003Cbr class='autobr' \/\u003E\nLe pr\u00e9sent appel \u00e0 projets concerne des&nbsp;(\u2026)\u003C\/p\u003E\n\u003C\/blockquote\u003E\n"}