{"version":"1.0","type":"rich","provider_name":"Direction de l&#8217;\u00e9conomie, de l&#8217;emploi, du travail et des solidarit\u00e9s (DEETS)","provider_url":"http:\/\/martinique.deets.gouv.fr","title":"Appel \u00e0 projets&nbsp;: Lutte contre la pr\u00e9carit\u00e9 menstruelle ","author_name":"estelle.felicien@deets.gouv.fr","width":"480","height":"295","url":"https:\/\/martinique.deets.gouv.fr\/Appel-a-projets-Lutte-contre-la-precarite-menstruelle","html":"\u003Ch4 class='title'\u003E\u003Ca href='https:\/\/martinique.deets.gouv.fr\/Appel-a-projets-Lutte-contre-la-precarite-menstruelle'\u003EAppel \u00e0 projets&nbsp;: Lutte contre la pr\u00e9carit\u00e9 menstruelle \u003C\/a\u003E\u003C\/h4\u003E\u003Cblockquote class='spip'\u003E\n\u003Cp\u003ECONTEXTE ET OBJECTIFS \n\u003Cbr class='autobr' \/\u003E\nLes produits d\u2019hygi\u00e8ne intime constituent  pour les femmes un produit de premi\u00e8re n\u00e9cessit\u00e9. Pour lutter contre cette pr\u00e9carit\u00e9, un appel \u00e0 projets r\u00e9gional est lanc\u00e9. Les cr\u00e9dits d\u00e9di\u00e9s doivent \u00eatre utilis\u00e9s au b\u00e9n\u00e9fice des personnes en situation de vuln\u00e9rabilit\u00e9. \n\u003Cbr class='autobr' \/\u003E\nEn France, 1 femme sur 3 est confront\u00e9e \u00e0 la pr\u00e9carit\u00e9 menstruelle, notamment chez les jeunes. Ainsi, 4 millions de femmes et personnes menstru\u00e9es n\u2019acc\u00e8dent pas aux protections p\u00e9riodiques. De plus,&nbsp;(\u2026)\u003C\/p\u003E\n\u003C\/blockquote\u003E\n"}